{"id":3329,"date":"2026-03-10T17:01:19","date_gmt":"2026-03-10T22:01:19","guid":{"rendered":"https:\/\/asemtur.com.co\/?page_id=3329"},"modified":"2026-03-21T16:01:38","modified_gmt":"2026-03-21T21:01:38","slug":"inicio-3","status":"publish","type":"page","link":"https:\/\/asemtur.com.co\/index.php\/inicio-3\/","title":{"rendered":"Inicio"},"content":{"rendered":"\t\t<div data-elementor-type=\"wp-page\" data-elementor-id=\"3329\" class=\"elementor elementor-3329\">\n\t\t\t\t<div class=\"elementor-element elementor-element-478393c e-con-full e-flex e-con e-parent\" data-id=\"478393c\" data-element_type=\"container\" data-settings=\"{&quot;_ha_eqh_enable&quot;:false}\">\n\t\t<div class=\"elementor-element elementor-element-a467e79 e-flex e-con-boxed e-con e-child\" data-id=\"a467e79\" data-element_type=\"container\" data-settings=\"{&quot;_ha_eqh_enable&quot;:false}\">\n\t\t\t\t\t<div class=\"e-con-inner\">\n\t\t\t\t<div class=\"elementor-element elementor-element-834f31d elementor-widget elementor-widget-ha-navigation-menu happy-addon ha-navigation-menu\" data-id=\"834f31d\" data-element_type=\"widget\" data-widget_type=\"ha-navigation-menu.default\">\n\t\t\t\t\t<nav class=\"ha-nav-menu ha-navigation-menu-wrapper\"><div class=\"menu-asemtur-container\">\t\t\t\t<div class=\"ha-nav-humberger-wrapper\">\n\t\t\t\t\t<span class=\"ha-menu-open-icon ha-menu-toggler\" data-humberger=\"open\"><i aria-hidden=\"true\" class=\"huge huge-menu-01\"><\/i><\/span>\n\t\t\t\t\t<span class=\"ha-menu-close-icon ha-menu-toggler hide-icon\" data-humberger=\"close\"><svg aria-hidden=\"true\" class=\"e-font-icon-svg e-far-window-close\" viewBox=\"0 0 512 512\" xmlns=\"http:\/\/www.w3.org\/2000\/svg\"><path d=\"M464 32H48C21.5 32 0 53.5 0 80v352c0 26.5 21.5 48 48 48h416c26.5 0 48-21.5 48-48V80c0-26.5-21.5-48-48-48zm0 394c0 3.3-2.7 6-6 6H54c-3.3 0-6-2.7-6-6V86c0-3.3 2.7-6 6-6h404c3.3 0 6 2.7 6 6v340zM356.5 194.6L295.1 256l61.4 61.4c4.6 4.6 4.6 12.1 0 16.8l-22.3 22.3c-4.6 4.6-12.1 4.6-16.8 0L256 295.1l-61.4 61.4c-4.6 4.6-12.1 4.6-16.8 0l-22.3-22.3c-4.6-4.6-4.6-12.1 0-16.8l61.4-61.4-61.4-61.4c-4.6-4.6-4.6-12.1 0-16.8l22.3-22.3c4.6-4.6 12.1-4.6 16.8 0l61.4 61.4 61.4-61.4c4.6-4.6 12.1-4.6 16.8 0l22.3 22.3c4.7 4.6 4.7 12.1 0 16.8z\"><\/path><\/svg><\/span>\n\t\t\t\t<\/div>\n\t\t\t<ul id=\"menu-asemtur\" class=\"menu\"><li id=\"menu-item-4178\" class=\"menu-item menu-item-type-post_type menu-item-object-page menu-item-home\"><a href=\"https:\/\/asemtur.com.co\/\" class=\"menu-link\"><span class=\"menu-item-title\">Inicio<\/span><\/a><\/li>\n<li id=\"menu-item-2188\" class=\"menu-item menu-item-type-post_type menu-item-object-page\"><a href=\"https:\/\/asemtur.com.co\/index.php\/asemtur-4\/\" class=\"menu-link\"><span class=\"menu-item-title\">ASEMTUR<\/span><\/a><\/li>\n<li id=\"menu-item-4333\" class=\"menu-item menu-item-type-post_type menu-item-object-page menu-item-has-children\"><a aria-expanded=\"false\" href=\"https:\/\/asemtur.com.co\/index.php\/agremiadas\/\" class=\"menu-link\"><span class=\"menu-item-title\">Agremiadas<\/span><\/a><span class=\"ha-submenu-indicator-wrap fas fa-angle-down\"><\/span>\n<ul class=\"sub-menu\">\n\t<li id=\"menu-item-5465\" class=\"menu-item menu-item-type-post_type menu-item-object-page\"><a href=\"https:\/\/asemtur.com.co\/index.php\/agremiadas\/attep\/\" class=\"menu-link\"><span class=\"menu-item-title\">ATTEP<\/span><\/a>\t<li id=\"menu-item-2463\" class=\"menu-item menu-item-type-post_type menu-item-object-page\"><a href=\"https:\/\/asemtur.com.co\/index.php\/agremiadas\/contribuir\/\" class=\"menu-link\"><span class=\"menu-item-title\">Contribuir<\/span><\/a>\t<li id=\"menu-item-2462\" class=\"menu-item menu-item-type-post_type menu-item-object-page\"><a href=\"https:\/\/asemtur.com.co\/index.php\/agremiadas\/integra\/\" class=\"menu-link\"><span class=\"menu-item-title\">Integra<\/span><\/a>\t<li id=\"menu-item-5423\" class=\"menu-item menu-item-type-post_type menu-item-object-page\"><a href=\"https:\/\/asemtur.com.co\/index.php\/agremiadas\/san-fernando-2\/\" class=\"menu-link\"><span class=\"menu-item-title\">San Fernando<\/span><\/a>\t<li id=\"menu-item-2465\" class=\"menu-item menu-item-type-post_type menu-item-object-page\"><a href=\"https:\/\/asemtur.com.co\/index.php\/agremiadas\/site\/\" class=\"menu-link\"><span class=\"menu-item-title\">SITE S.A.S.<\/span><\/a>\t<li id=\"menu-item-2464\" class=\"menu-item menu-item-type-post_type menu-item-object-page\"><a href=\"https:\/\/asemtur.com.co\/index.php\/agremiadas\/superbuses\/\" class=\"menu-link\"><span class=\"menu-item-title\">Superbuses<\/span><\/a><\/ul>\n<\/li>\n<li id=\"menu-item-2603\" class=\"menu-item menu-item-type-post_type menu-item-object-page\"><a href=\"https:\/\/asemtur.com.co\/index.php\/amco\/\" class=\"menu-link\"><span class=\"menu-item-title\">AMCO<\/span><\/a><\/li>\n<li id=\"menu-item-5400\" class=\"menu-item menu-item-type-custom menu-item-object-custom menu-item-home menu-item-has-children\"><a aria-expanded=\"false\" href=\"https:\/\/asemtur.com.co\/\" class=\"menu-link\"><span class=\"menu-item-title\">Unidades de gesti\u00f3n<\/span><\/a><span class=\"ha-submenu-indicator-wrap fas fa-angle-down\"><\/span>\n<ul class=\"sub-menu\">\n\t<li id=\"menu-item-5407\" class=\"menu-item menu-item-type-post_type menu-item-object-page\"><a target=\"_blank\" href=\"https:\/\/asemtur.com.co\/index.php\/representatividad-y-desarrollo-regional\/\" class=\"menu-link\"><span class=\"menu-item-title\">Representatividad y Desarrollo Regional<\/span><\/a>\t<li id=\"menu-item-5406\" class=\"menu-item menu-item-type-post_type menu-item-object-page\"><a target=\"_blank\" href=\"https:\/\/asemtur.com.co\/index.php\/gestion-interinstitucional\/\" class=\"menu-link\"><span class=\"menu-item-title\">Gesti\u00f3n Interinstitucional<\/span><\/a>\t<li id=\"menu-item-5408\" class=\"menu-item menu-item-type-post_type menu-item-object-page\"><a target=\"_blank\" href=\"https:\/\/asemtur.com.co\/index.php\/sostenibilidad-2\/\" class=\"menu-link\"><span class=\"menu-item-title\">Sostenibilidad<\/span><\/a><\/ul>\n<\/li>\n<li id=\"menu-item-3505\" class=\"menu-item menu-item-type-post_type menu-item-object-page\"><a href=\"https:\/\/asemtur.com.co\/index.php\/inicio\/servicios\/\" class=\"menu-link\"><span class=\"menu-item-title\">Servicios<\/span><\/a><\/li>\n<li id=\"menu-item-5401\" class=\"menu-item menu-item-type-custom menu-item-object-custom menu-item-home menu-item-has-children\"><a aria-expanded=\"false\" href=\"https:\/\/asemtur.com.co\/\" class=\"menu-link\"><span class=\"menu-item-title\">Unidades de negocio<\/span><\/a><span class=\"ha-submenu-indicator-wrap fas fa-angle-down\"><\/span>\n<ul class=\"sub-menu\">\n\t<li id=\"menu-item-5410\" class=\"menu-item menu-item-type-custom menu-item-object-custom\"><a target=\"_blank\" href=\"https:\/\/asemtur.com.co\/wp-content\/uploads\/2026\/04\/PORTAFOLIO-PROBIDAD.pdf\" class=\"menu-link\"><span class=\"menu-item-title\">Probidad<\/span><\/a>\t<li id=\"menu-item-5411\" class=\"menu-item menu-item-type-custom menu-item-object-custom\"><a target=\"_blank\" href=\"https:\/\/asemtur.com.co\/wp-content\/uploads\/2026\/04\/BROCHURE-TRANSPORTE-URBANO-Y-MASIVO.pdf\" class=\"menu-link\"><span class=\"menu-item-title\">Publicidad M\u00f3vil<\/span><\/a><\/ul>\n<\/li>\n<\/ul><\/div><\/nav>\t\t\t\t<\/div>\n\t\t\t\t<div class=\"elementor-element elementor-element-6540405 elementor-widget__width-inherit elementor-widget elementor-widget-prime-slider-mount\" data-id=\"6540405\" data-element_type=\"widget\" data-widget_type=\"prime-slider-mount.default\">\n\t\t\t\t\t\t\t<div class=\"bdt-prime-slider\">\n\t\t\t<div class=\"bdt-prime-slider-mount\">\n\t\t\t\t<div class=\"bdt-position-relative bdt-visible-toggle\" data-settings=\"{&quot;id&quot;:&quot;#bdt-6540405&quot;,&quot;animation_status&quot;:&quot;no&quot;}\" id=\"bdt-6540405\" bdt-slideshow=\"{&quot;animation&quot;:&quot;fade&quot;,&quot;ratio&quot;:&quot;16:9&quot;,&quot;min-height&quot;:&quot;460&quot;,&quot;autoplay&quot;:true,&quot;autoplay-interval&quot;:7000,&quot;pause-on-hover&quot;:false,&quot;velocity&quot;:1,&quot;finite&quot;:false}\">\n\t\t\t\t\t<ul class=\"bdt-slideshow-items\">\n\t\t\t\t\t\t\n            <li class=\"bdt-slideshow-item bdt-flex bdt-flex-middle elementor-repeater-item-cf415cd\">\n\n\t\t\t\t\n\t\t\t\t\t\t<div class=\"bdt-ps-slide-img\"\n\t\t\t\t\t\t\tstyle=\"background-image: url('https:\/\/asemtur.com.co\/wp-content\/uploads\/2026\/03\/bus-parking-480-198.webp')\"><\/div>\n\n\t\t\t\t\t\t\n\t\t\t\t\t\t\t\t\n\t\t\t\t\t\t\t<div class=\"bdt-prime-slider-content\">\n\n\t\t\t\t\n\t\t\t\t\n\t\t\t<\/div>\n\n        \n            <\/li>\n\n        \n                <\/ul>\n\n\t\t\t\t\n        \n            <ul class=\"bdt-ps-dotnav reveal-muted\">\n                                    <li bdt-slideshow-item=\"0\" data-label=\"01\" ><a href=\"#\">01<\/a><\/li>\n                \n                <span>01<\/span>\n            <\/ul>\n\n        \n        \t\t\t\t\n\t\t\t\t<div class=\"bdt-navigation-arrows reveal-muted\">\n\t\t\t<a class=\"bdt-prime-slider-previous\" href=\"#\" bdt-slidenav-previous bdt-slideshow-item=\"previous\"><\/a>\n\t\t\t<a class=\"bdt-prime-slider-next\" href=\"#\" bdt-slidenav-next bdt-slideshow-item=\"next\"><\/a>\n\t\t<\/div>\n\t\t\n\t\t\t\t\t\t\n            <\/div>\n\t\t\t\n\t\t\t<div class=\"bdt-prime-slider-social-icon reveal-muted\">\n\n\t\t\t\t<h3>\n\t\t\t\t\tFollow Us\t\t\t\t<\/h3>\n\n\t\t\t\t\t\t\t\t\t\t\t<a href=\"http:\/\/www.facebook.com\/bdthemes\/\" aria-label=\"Social Link Fb\">\n\t\t\t\t\t\t\t\t<span class=\"bdt-social-share-title\">\n\t\t\t\t\t\t\t\t\tFb\t\t\t\t\t\t\t\t<\/span>\n\t\t\t\t\t\t\t<\/a>\n\t\t\t\t\t\t\n\t\t\t<\/div>\n\n\t\t\t\t<\/div>\n\t\t<\/div>\n        \t\t\t\t<\/div>\n\t\t\t\t<div class=\"elementor-element elementor-element-6188401 elementor-widget elementor-widget-image\" data-id=\"6188401\" data-element_type=\"widget\" data-widget_type=\"image.default\">\n\t\t\t\t\t\t\t\t\t\t\t\t\t\t\t<img decoding=\"async\" width=\"1024\" height=\"26\" src=\"https:\/\/asemtur.com.co\/wp-content\/uploads\/2026\/03\/Recurso-14-1024x26.png\" class=\"attachment-large size-large wp-image-4707\" alt=\"\" srcset=\"https:\/\/asemtur.com.co\/wp-content\/uploads\/2026\/03\/Recurso-14-1024x26.png 1024w, https:\/\/asemtur.com.co\/wp-content\/uploads\/2026\/03\/Recurso-14-300x8.png 300w, https:\/\/asemtur.com.co\/wp-content\/uploads\/2026\/03\/Recurso-14-768x20.png 768w, https:\/\/asemtur.com.co\/wp-content\/uploads\/2026\/03\/Recurso-14.png 1277w\" sizes=\"(max-width: 1024px) 100vw, 1024px\" \/>\t\t\t\t\t\t\t\t\t\t\t\t\t\t\t<\/div>\n\t\t<div class=\"elementor-element elementor-element-a40fcb2 e-con-full e-flex e-con e-child\" data-id=\"a40fcb2\" data-element_type=\"container\" data-settings=\"{&quot;_ha_eqh_enable&quot;:false}\">\n\t\t\t\t<div class=\"elementor-element elementor-element-0d8b445 elementor-widget elementor-widget-heading\" data-id=\"0d8b445\" data-element_type=\"widget\" data-widget_type=\"heading.default\">\n\t\t\t\t\t<h2 class=\"elementor-heading-title elementor-size-default\">M\u00e1s que una asociaci\u00f3n , somos aliados estrategicos.<\/h2>\t\t\t\t<\/div>\n\t\t<div class=\"elementor-element elementor-element-8de1f77 e-con-full e-flex e-con e-child\" data-id=\"8de1f77\" data-element_type=\"container\" data-settings=\"{&quot;_ha_eqh_enable&quot;:false}\">\n\t\t<div class=\"elementor-element elementor-element-9c62c4f e-con-full e-flex e-con e-child\" data-id=\"9c62c4f\" data-element_type=\"container\" data-settings=\"{&quot;_ha_eqh_enable&quot;:false}\">\n\t\t\t\t<\/div>\n\t\t<div class=\"elementor-element elementor-element-1dfbcfd e-con-full e-flex e-con e-child\" data-id=\"1dfbcfd\" data-element_type=\"container\" data-settings=\"{&quot;_ha_eqh_enable&quot;:false}\">\n\t\t\t\t<div class=\"elementor-element elementor-element-ecdcc7e elementor-widget elementor-widget-text-editor\" data-id=\"ecdcc7e\" data-element_type=\"widget\" data-widget_type=\"text-editor.default\">\n\t\t\t\t\t\t\t\t\t<p><strong>Asemtur agremia a las principales empresas operadoras de Risaralda bajo una vision unificada de progreso. Actuamos c\u00f3mo el brazo t\u00e9cnico sector, transformando el modelo tradicional de operaci\u00f3n hacia un sistema empresarial, tecnol\u00f3gico y eficiente.<\/strong><\/p>\t\t\t\t\t\t\t\t<\/div>\n\t\t\t\t<\/div>\n\t\t<div class=\"elementor-element elementor-element-6819a0a e-con-full e-flex e-con e-child\" data-id=\"6819a0a\" data-element_type=\"container\" data-settings=\"{&quot;_ha_eqh_enable&quot;:false}\">\n\t\t\t\t<\/div>\n\t\t\t\t<\/div>\n\t\t<div class=\"elementor-element elementor-element-d491dc5 e-con-full e-flex e-con e-child\" data-id=\"d491dc5\" data-element_type=\"container\" data-settings=\"{&quot;_ha_eqh_enable&quot;:false}\">\n\t\t<div class=\"elementor-element elementor-element-41b412c e-con-full e-flex e-con e-child\" data-id=\"41b412c\" data-element_type=\"container\" data-settings=\"{&quot;_ha_eqh_enable&quot;:false}\">\n\t\t\t\t<div class=\"elementor-element elementor-element-920747f elementor-widget elementor-widget-image\" data-id=\"920747f\" data-element_type=\"widget\" data-widget_type=\"image.default\">\n\t\t\t\t\t\t\t\t\t\t\t\t\t\t\t<img decoding=\"async\" width=\"150\" height=\"150\" src=\"https:\/\/asemtur.com.co\/wp-content\/uploads\/2026\/02\/asemtur-1-150x150.png\" class=\"attachment-thumbnail size-thumbnail wp-image-1780\" alt=\"\" srcset=\"https:\/\/asemtur.com.co\/wp-content\/uploads\/2026\/02\/asemtur-1-150x150.png 150w, https:\/\/asemtur.com.co\/wp-content\/uploads\/2026\/02\/asemtur-1-300x300.png 300w, https:\/\/asemtur.com.co\/wp-content\/uploads\/2026\/02\/elementor\/thumbs\/asemtur-1-rkb6mkt9yfok9s7426rht9zbspuj995em1n3vhpota.png 3w, https:\/\/asemtur.com.co\/wp-content\/uploads\/2026\/02\/elementor\/thumbs\/asemtur-1-rkb6mktb4z3wj8wu1j7bv2nqlqj7r99nioox8nh71k.png 100w, https:\/\/asemtur.com.co\/wp-content\/uploads\/2026\/02\/asemtur-1.png 512w\" sizes=\"(max-width: 150px) 100vw, 150px\" \/>\t\t\t\t\t\t\t\t\t\t\t\t\t\t\t<\/div>\n\t\t\t\t<div class=\"elementor-element elementor-element-9885604 elementor-widget elementor-widget-heading\" data-id=\"9885604\" data-element_type=\"widget\" data-widget_type=\"heading.default\">\n\t\t\t\t\t<h4 class=\"elementor-heading-title elementor-size-default\">Asemtur<\/h4>\t\t\t\t<\/div>\n\t\t\t\t<\/div>\n\t\t<div class=\"elementor-element elementor-element-5ad3f13 e-con-full e-flex e-con e-child\" data-id=\"5ad3f13\" data-element_type=\"container\" data-settings=\"{&quot;_ha_eqh_enable&quot;:false}\">\n\t\t\t\t<div class=\"elementor-element elementor-element-6577ae3 elementor-widget elementor-widget-image\" data-id=\"6577ae3\" data-element_type=\"widget\" data-widget_type=\"image.default\">\n\t\t\t\t\t\t\t\t\t\t\t\t\t\t\t<img decoding=\"async\" width=\"150\" height=\"150\" src=\"https:\/\/asemtur.com.co\/wp-content\/uploads\/2026\/03\/Agremiadas-150x150.png\" class=\"attachment-thumbnail size-thumbnail wp-image-3147\" alt=\"\" srcset=\"https:\/\/asemtur.com.co\/wp-content\/uploads\/2026\/03\/Agremiadas-150x150.png 150w, https:\/\/asemtur.com.co\/wp-content\/uploads\/2026\/03\/Agremiadas-298x300.png 298w, https:\/\/asemtur.com.co\/wp-content\/uploads\/2026\/03\/Agremiadas-1017x1024.png 1017w, https:\/\/asemtur.com.co\/wp-content\/uploads\/2026\/03\/Agremiadas-768x773.png 768w, https:\/\/asemtur.com.co\/wp-content\/uploads\/2026\/03\/Agremiadas-1525x1536.png 1525w, https:\/\/asemtur.com.co\/wp-content\/uploads\/2026\/03\/Agremiadas.png 1540w\" sizes=\"(max-width: 150px) 100vw, 150px\" \/>\t\t\t\t\t\t\t\t\t\t\t\t\t\t\t<\/div>\n\t\t\t\t<div class=\"elementor-element elementor-element-d861e6a elementor-widget elementor-widget-heading\" data-id=\"d861e6a\" data-element_type=\"widget\" data-widget_type=\"heading.default\">\n\t\t\t\t\t<h4 class=\"elementor-heading-title elementor-size-default\">Agremiadas<\/h4>\t\t\t\t<\/div>\n\t\t\t\t<\/div>\n\t\t<div class=\"elementor-element elementor-element-de95236 e-con-full e-flex e-con e-child\" data-id=\"de95236\" data-element_type=\"container\" data-settings=\"{&quot;_ha_eqh_enable&quot;:false}\">\n\t\t\t\t<div class=\"elementor-element elementor-element-f6cb23c elementor-widget elementor-widget-image\" data-id=\"f6cb23c\" data-element_type=\"widget\" data-widget_type=\"image.default\">\n\t\t\t\t\t\t\t\t\t\t\t\t\t\t\t<img loading=\"lazy\" decoding=\"async\" width=\"150\" height=\"150\" src=\"https:\/\/asemtur.com.co\/wp-content\/uploads\/2026\/03\/Transporte-150x150.png\" class=\"attachment-thumbnail size-thumbnail wp-image-3313\" alt=\"\" srcset=\"https:\/\/asemtur.com.co\/wp-content\/uploads\/2026\/03\/Transporte-150x150.png 150w, https:\/\/asemtur.com.co\/wp-content\/uploads\/2026\/03\/Transporte-300x300.png 300w, https:\/\/asemtur.com.co\/wp-content\/uploads\/2026\/03\/Transporte-1024x1024.png 1024w, https:\/\/asemtur.com.co\/wp-content\/uploads\/2026\/03\/Transporte-768x768.png 768w, https:\/\/asemtur.com.co\/wp-content\/uploads\/2026\/03\/Transporte-1536x1536.png 1536w, https:\/\/asemtur.com.co\/wp-content\/uploads\/2026\/03\/Transporte.png 1608w\" sizes=\"(max-width: 150px) 100vw, 150px\" \/>\t\t\t\t\t\t\t\t\t\t\t\t\t\t\t<\/div>\n\t\t\t\t<div class=\"elementor-element elementor-element-773dcd4 elementor-widget elementor-widget-heading\" data-id=\"773dcd4\" data-element_type=\"widget\" data-widget_type=\"heading.default\">\n\t\t\t\t\t<h4 class=\"elementor-heading-title elementor-size-default\">Transporte p\u00fablico del AMCO<\/h4>\t\t\t\t<\/div>\n\t\t\t\t<\/div>\n\t\t<div class=\"elementor-element elementor-element-ed7672a e-con-full e-flex e-con e-child\" data-id=\"ed7672a\" data-element_type=\"container\" data-settings=\"{&quot;_ha_eqh_enable&quot;:false}\">\n\t\t\t\t<div class=\"elementor-element elementor-element-e258090 elementor-widget elementor-widget-image\" data-id=\"e258090\" data-element_type=\"widget\" data-widget_type=\"image.default\">\n\t\t\t\t\t\t\t\t\t\t\t\t\t\t\t<img loading=\"lazy\" decoding=\"async\" width=\"150\" height=\"150\" src=\"https:\/\/asemtur.com.co\/wp-content\/uploads\/2026\/03\/creciente-150x150.png\" class=\"attachment-thumbnail size-thumbnail wp-image-3149\" alt=\"\" srcset=\"https:\/\/asemtur.com.co\/wp-content\/uploads\/2026\/03\/creciente-150x150.png 150w, https:\/\/asemtur.com.co\/wp-content\/uploads\/2026\/03\/creciente-300x300.png 300w, https:\/\/asemtur.com.co\/wp-content\/uploads\/2026\/03\/creciente-1024x1020.png 1024w, https:\/\/asemtur.com.co\/wp-content\/uploads\/2026\/03\/creciente-768x765.png 768w, https:\/\/asemtur.com.co\/wp-content\/uploads\/2026\/03\/creciente-1536x1530.png 1536w, https:\/\/asemtur.com.co\/wp-content\/uploads\/2026\/03\/creciente-2048x2040.png 2048w\" sizes=\"(max-width: 150px) 100vw, 150px\" \/>\t\t\t\t\t\t\t\t\t\t\t\t\t\t\t<\/div>\n\t\t\t\t<div class=\"elementor-element elementor-element-e35d601 elementor-widget elementor-widget-heading\" data-id=\"e35d601\" data-element_type=\"widget\" data-widget_type=\"heading.default\">\n\t\t\t\t\t<h4 class=\"elementor-heading-title elementor-size-default\">Competitividad y Fortalecimiento<\/h4>\t\t\t\t<\/div>\n\t\t\t\t<\/div>\n\t\t\t\t<\/div>\n\t\t<div class=\"elementor-element elementor-element-1a283e3 e-con-full e-flex e-con e-child\" data-id=\"1a283e3\" data-element_type=\"container\" data-settings=\"{&quot;_ha_eqh_enable&quot;:false}\">\n\t\t<div class=\"elementor-element elementor-element-0c8e40f e-con-full e-flex e-con e-child\" data-id=\"0c8e40f\" data-element_type=\"container\" data-settings=\"{&quot;_ha_eqh_enable&quot;:false}\">\n\t\t\t\t<div class=\"elementor-element elementor-element-5debe3e elementor-widget elementor-widget-image\" data-id=\"5debe3e\" data-element_type=\"widget\" data-widget_type=\"image.default\">\n\t\t\t\t\t\t\t\t\t\t\t\t\t\t\t<img loading=\"lazy\" decoding=\"async\" width=\"150\" height=\"150\" src=\"https:\/\/asemtur.com.co\/wp-content\/uploads\/2026\/03\/Representatividad-1-150x150.png\" class=\"attachment-thumbnail size-thumbnail wp-image-3222\" alt=\"\" srcset=\"https:\/\/asemtur.com.co\/wp-content\/uploads\/2026\/03\/Representatividad-1-150x150.png 150w, https:\/\/asemtur.com.co\/wp-content\/uploads\/2026\/03\/Representatividad-1-300x300.png 300w, https:\/\/asemtur.com.co\/wp-content\/uploads\/2026\/03\/Representatividad-1-1024x1024.png 1024w, https:\/\/asemtur.com.co\/wp-content\/uploads\/2026\/03\/Representatividad-1-768x768.png 768w, https:\/\/asemtur.com.co\/wp-content\/uploads\/2026\/03\/Representatividad-1-1536x1536.png 1536w, https:\/\/asemtur.com.co\/wp-content\/uploads\/2026\/03\/Representatividad-1.png 1600w\" sizes=\"(max-width: 150px) 100vw, 150px\" \/>\t\t\t\t\t\t\t\t\t\t\t\t\t\t\t<\/div>\n\t\t\t\t<div class=\"elementor-element elementor-element-c582c32 elementor-widget elementor-widget-heading\" data-id=\"c582c32\" data-element_type=\"widget\" data-widget_type=\"heading.default\">\n\t\t\t\t\t<h4 class=\"elementor-heading-title elementor-size-default\">Representatividad y Participaci\u00f3n<\/h4>\t\t\t\t<\/div>\n\t\t\t\t<\/div>\n\t\t<div class=\"elementor-element elementor-element-1ba68ab e-con-full e-flex e-con e-child\" data-id=\"1ba68ab\" data-element_type=\"container\" data-settings=\"{&quot;_ha_eqh_enable&quot;:false}\">\n\t\t\t\t<div class=\"elementor-element elementor-element-79b2292 elementor-widget elementor-widget-image\" data-id=\"79b2292\" data-element_type=\"widget\" data-widget_type=\"image.default\">\n\t\t\t\t\t\t\t\t\t\t\t\t\t\t\t<img loading=\"lazy\" decoding=\"async\" width=\"150\" height=\"150\" src=\"https:\/\/asemtur.com.co\/wp-content\/uploads\/2026\/03\/Sostenibilidad-150x150.png\" class=\"attachment-thumbnail size-thumbnail wp-image-3215\" alt=\"\" srcset=\"https:\/\/asemtur.com.co\/wp-content\/uploads\/2026\/03\/Sostenibilidad-150x150.png 150w, https:\/\/asemtur.com.co\/wp-content\/uploads\/2026\/03\/Sostenibilidad-300x298.png 300w, https:\/\/asemtur.com.co\/wp-content\/uploads\/2026\/03\/Sostenibilidad-1024x1016.png 1024w, https:\/\/asemtur.com.co\/wp-content\/uploads\/2026\/03\/Sostenibilidad-768x762.png 768w, https:\/\/asemtur.com.co\/wp-content\/uploads\/2026\/03\/Sostenibilidad-1536x1524.png 1536w, https:\/\/asemtur.com.co\/wp-content\/uploads\/2026\/03\/Sostenibilidad.png 1550w\" sizes=\"(max-width: 150px) 100vw, 150px\" \/>\t\t\t\t\t\t\t\t\t\t\t\t\t\t\t<\/div>\n\t\t\t\t<div class=\"elementor-element elementor-element-67bf75f elementor-widget elementor-widget-heading\" data-id=\"67bf75f\" data-element_type=\"widget\" data-widget_type=\"heading.default\">\n\t\t\t\t\t<h4 class=\"elementor-heading-title elementor-size-default\">Sostenibilidad Gremial<\/h4>\t\t\t\t<\/div>\n\t\t\t\t<\/div>\n\t\t<div class=\"elementor-element elementor-element-ac6e2c8 e-con-full e-flex e-con e-child\" data-id=\"ac6e2c8\" data-element_type=\"container\" data-settings=\"{&quot;_ha_eqh_enable&quot;:false}\">\n\t\t\t\t<div class=\"elementor-element elementor-element-82285e8 elementor-widget elementor-widget-image\" data-id=\"82285e8\" data-element_type=\"widget\" data-widget_type=\"image.default\">\n\t\t\t\t\t\t\t\t\t\t\t\t\t\t\t<img loading=\"lazy\" decoding=\"async\" width=\"150\" height=\"150\" src=\"https:\/\/asemtur.com.co\/wp-content\/uploads\/2026\/03\/Alianzas-150x150.png\" class=\"attachment-thumbnail size-thumbnail wp-image-3227\" alt=\"\" srcset=\"https:\/\/asemtur.com.co\/wp-content\/uploads\/2026\/03\/Alianzas-150x150.png 150w, https:\/\/asemtur.com.co\/wp-content\/uploads\/2026\/03\/Alianzas-300x300.png 300w, https:\/\/asemtur.com.co\/wp-content\/uploads\/2026\/03\/Alianzas-1024x1024.png 1024w, https:\/\/asemtur.com.co\/wp-content\/uploads\/2026\/03\/Alianzas-768x768.png 768w, https:\/\/asemtur.com.co\/wp-content\/uploads\/2026\/03\/Alianzas-1536x1536.png 1536w, https:\/\/asemtur.com.co\/wp-content\/uploads\/2026\/03\/Alianzas.png 1708w\" sizes=\"(max-width: 150px) 100vw, 150px\" \/>\t\t\t\t\t\t\t\t\t\t\t\t\t\t\t<\/div>\n\t\t\t\t<div class=\"elementor-element elementor-element-25511b6 elementor-widget elementor-widget-heading\" data-id=\"25511b6\" data-element_type=\"widget\" data-widget_type=\"heading.default\">\n\t\t\t\t\t<h4 class=\"elementor-heading-title elementor-size-default\">Servicios y Alianzas Estrat\u00e9gicas<\/h4>\t\t\t\t<\/div>\n\t\t\t\t<\/div>\n\t\t<div class=\"elementor-element elementor-element-7098d98 e-con-full e-flex e-con e-child\" data-id=\"7098d98\" data-element_type=\"container\" data-settings=\"{&quot;_ha_eqh_enable&quot;:false}\">\n\t\t\t\t<div class=\"elementor-element elementor-element-33a171e elementor-widget elementor-widget-image\" data-id=\"33a171e\" data-element_type=\"widget\" data-widget_type=\"image.default\">\n\t\t\t\t\t\t\t\t\t\t\t\t\t\t\t<img loading=\"lazy\" decoding=\"async\" width=\"150\" height=\"150\" src=\"https:\/\/asemtur.com.co\/wp-content\/uploads\/2026\/02\/probidad-150x150.png\" class=\"attachment-thumbnail size-thumbnail wp-image-1776\" alt=\"\" \/>\t\t\t\t\t\t\t\t\t\t\t\t\t\t\t<\/div>\n\t\t\t\t<div class=\"elementor-element elementor-element-208a193 elementor-widget elementor-widget-heading\" data-id=\"208a193\" data-element_type=\"widget\" data-widget_type=\"heading.default\">\n\t\t\t\t\t<h4 class=\"elementor-heading-title elementor-size-default\">Probidad, Unidad y Aliada SST &amp; SG<\/h4>\t\t\t\t<\/div>\n\t\t\t\t<\/div>\n\t\t\t\t<\/div>\n\t\t\t\t<\/div>\n\t\t\t\t\t<\/div>\n\t\t\t\t<\/div>\n\t\t\t\t<\/div>\n\t\t<div class=\"elementor-element elementor-element-e7f1269 e-flex e-con-boxed e-con e-parent\" data-id=\"e7f1269\" data-element_type=\"container\" data-settings=\"{&quot;_ha_eqh_enable&quot;:false}\">\n\t\t\t\t\t<div class=\"e-con-inner\">\n\t\t\t\t<div class=\"elementor-element elementor-element-4491d96 elementor-widget elementor-widget-prime-slider-mercury\" data-id=\"4491d96\" data-element_type=\"widget\" data-widget_type=\"prime-slider-mercury.default\">\n\t\t\t\t\t\n                    <div class=\"bdt-prime-slider-mercury\">\n        <div id=\"bdt-prime-slider-4491d96\" class=\"bdt-mercury-slider elementor-swiper\" data-settings=\"{&quot;autoplay&quot;:{&quot;delay&quot;:5000},&quot;loop&quot;:true,&quot;speed&quot;:900,&quot;effect&quot;:&quot;slide&quot;,&quot;gl&quot;:{&quot;shader&quot;:&quot;random&quot;},&quot;fadeEffect&quot;:{&quot;crossFade&quot;:true},&quot;lazy&quot;:{&quot;loadPrevNext&quot;:&quot;true&quot;},&quot;parallax&quot;:true,&quot;watchSlidesProgress&quot;:true,&quot;slidesPerView&quot;:1,&quot;loopedSlides&quot;:4,&quot;navigation&quot;:{&quot;nextEl&quot;:&quot;#bdt-prime-slider-4491d96 .bdt-button-next&quot;,&quot;prevEl&quot;:&quot;#bdt-prime-slider-4491d96 .bdt-button-prev&quot;},&quot;pagination&quot;:{&quot;el&quot;:&quot;#bdt-prime-slider-4491d96 .swiper-pagination&quot;,&quot;clickable&quot;:&quot;true&quot;}}\">\n            <div class=\"bdt-mercury-image-slider swiper\" role=\"region\" aria-roledescription=\"carousel\" aria-label=\"Mercury Slider\" dir=\"ltr\">\n                <div class=\"swiper-wrapper\">\n        \n        <div class=\"bdt-item  swiper-slide\">\n            <div class=\"bdt-img-wrap\" data-reveal=\"reveal-active\">\n                <img loading=\"lazy\" decoding=\"async\" width=\"600\" height=\"400\" src=\"https:\/\/asemtur.com.co\/wp-content\/uploads\/2026\/02\/thpubInt_700X400_10865.webp\" class=\"bdt-img swiper-lazy\" alt=\"Megab\u00fas adjudic\u00f3 la operaci\u00f3n troncal y alimentadora de la Cuenca Dosquebradas y la incorporaci\u00f3n de flota 100% el\u00e9ctrica\" srcset=\"https:\/\/asemtur.com.co\/wp-content\/uploads\/2026\/02\/thpubInt_700X400_10865.webp 600w, https:\/\/asemtur.com.co\/wp-content\/uploads\/2026\/02\/thpubInt_700X400_10865-300x200.webp 300w\" sizes=\"(max-width: 600px) 100vw, 600px\" \/>            <\/div>\n        <\/div>\n\n        \n        <div class=\"bdt-item  swiper-slide\">\n            <div class=\"bdt-img-wrap\" data-reveal=\"reveal-active\">\n                <img loading=\"lazy\" decoding=\"async\" width=\"465\" height=\"400\" src=\"https:\/\/asemtur.com.co\/wp-content\/uploads\/2025\/05\/thpubInt_700X400_9580.webp\" class=\"bdt-img swiper-lazy\" alt=\"Grandes noticias para Pereira:\" srcset=\"https:\/\/asemtur.com.co\/wp-content\/uploads\/2025\/05\/thpubInt_700X400_9580.webp 465w, https:\/\/asemtur.com.co\/wp-content\/uploads\/2025\/05\/thpubInt_700X400_9580-300x258.webp 300w\" sizes=\"(max-width: 465px) 100vw, 465px\" \/>            <\/div>\n        <\/div>\n\n        \n        <div class=\"bdt-item  swiper-slide\">\n            <div class=\"bdt-img-wrap\" data-reveal=\"reveal-active\">\n                <img loading=\"lazy\" decoding=\"async\" width=\"990\" height=\"742\" src=\"https:\/\/asemtur.com.co\/wp-content\/uploads\/2025\/01\/precios-transporte.png\" class=\"bdt-img swiper-lazy\" alt=\"Pereira ajusta tarifas de transporte p\u00fablico\" srcset=\"https:\/\/asemtur.com.co\/wp-content\/uploads\/2025\/01\/precios-transporte.png 990w, https:\/\/asemtur.com.co\/wp-content\/uploads\/2025\/01\/precios-transporte-300x225.png 300w, https:\/\/asemtur.com.co\/wp-content\/uploads\/2025\/01\/precios-transporte-768x576.png 768w\" sizes=\"(max-width: 990px) 100vw, 990px\" \/>            <\/div>\n        <\/div>\n\n                        <\/div>\n                                <div class=\"bdt-navigation-wrap reveal-muted\">\n                    <div class=\"bdt-button-next\">\n                        <i class=\"ps-wi-arrow-right\"><\/i>\n                    <\/div>\n                    <div class=\"bdt-button-prev\">\n                        <i class=\"ps-wi-arrow-left\"><\/i>\n                    <\/div>\n                <\/div>\n                            <\/div>\n                    <div thumbsSlider=\"\" class=\"bdt-mercury-content-slider swiper\">\n                <div class=\"swiper-wrapper\">\n                    \n        <div class=\"bdt-item swiper-slide\">\n            <div class=\"bdt-content\">\n                                                    <div data-swiper-parallax=\"-200\" data-swiper-parallax-duration=\"1000\">\n                        <h3 class=\"bdt-title\" data-reveal=\"reveal-active\">\n\t\t\t\t<a href=\"https:\/\/asemtur.com.co\/index.php\/2026\/02\/04\/megabus-adjudico-la-operacion-troncal-y-alimentadora-de-la-cuenca-dosquebradas-y-la-incorporacion-de-flota-100-electrica\/\" title=\"Megab\u00fas adjudic\u00f3 la operaci\u00f3n troncal y alimentadora de la Cuenca Dosquebradas y la incorporaci\u00f3n de flota 100% el\u00e9ctrica\">Megab\u00fas adjudic\u00f3 la operaci\u00f3n troncal y alimentadora de la Cuenca Dosquebradas y la incorporaci\u00f3n de flota 100% el\u00e9ctrica<\/a>\n\t\t\t<\/h3>                    <\/div>\n                \n                        <div class=\"bdt-desc\" data-reveal=\"reveal-active\" data-swiper-parallax=\"-150\" data-swiper-parallax-duration=\"1100\">\n            <p>La nueva flota el\u00e9ctrica deber\u00e1 entrar en operaci\u00f3n y prestar el servicio en el transcurso del 2027. Con este proceso, Pereira y su \u00e1rea metropolitana se consolida como la primera<\/p>\n        <\/div>\n        \n                                    <div class=\"bdt-meta\" data-reveal=\"reveal-active\" data-swiper-parallax=\"-300\" data-swiper-parallax-duration=\"800\">\n                                                <span class=\"bdt-separator\">\/\/<\/span>\n                                <div class=\"bdt-flex bdt-flex-middle\">\n            <div class=\"bdt-date\">\n                <i class=\"ps-wi-calendar\" aria-hidden=\"true\"><\/i>\n                <span>\n                    4 febrero, 2026                <\/span>\n\n            <\/div>\n                    <\/div>\n\n                            <\/div>\n                \n            <\/div>\n        <\/div>\n        \n        <div class=\"bdt-item swiper-slide\">\n            <div class=\"bdt-content\">\n                                                    <div data-swiper-parallax=\"-200\" data-swiper-parallax-duration=\"1000\">\n                        <h3 class=\"bdt-title\" data-reveal=\"reveal-active\">\n\t\t\t\t<a href=\"https:\/\/asemtur.com.co\/index.php\/2025\/05\/08\/grandes-noticias-para-pereira\/\" title=\"Grandes noticias para Pereira:\">Grandes noticias para Pereira:<\/a>\n\t\t\t<\/h3>                    <\/div>\n                \n                        <div class=\"bdt-desc\" data-reveal=\"reveal-active\" data-swiper-parallax=\"-150\" data-swiper-parallax-duration=\"1100\">\n            <p>Ya se adjudic\u00f3 la construcci\u00f3n de la Nueva Intersecci\u00f3n Corales y se avanza en otras dos megaobras viales Los contratistas de obras como la Intersecci\u00f3n Corales, no recibir\u00e1n anticipos de<\/p>\n        <\/div>\n        \n                                    <div class=\"bdt-meta\" data-reveal=\"reveal-active\" data-swiper-parallax=\"-300\" data-swiper-parallax-duration=\"800\">\n                                                <span class=\"bdt-separator\">\/\/<\/span>\n                                <div class=\"bdt-flex bdt-flex-middle\">\n            <div class=\"bdt-date\">\n                <i class=\"ps-wi-calendar\" aria-hidden=\"true\"><\/i>\n                <span>\n                    8 mayo, 2025                <\/span>\n\n            <\/div>\n                    <\/div>\n\n                            <\/div>\n                \n            <\/div>\n        <\/div>\n        \n        <div class=\"bdt-item swiper-slide\">\n            <div class=\"bdt-content\">\n                                                    <div data-swiper-parallax=\"-200\" data-swiper-parallax-duration=\"1000\">\n                        <h3 class=\"bdt-title\" data-reveal=\"reveal-active\">\n\t\t\t\t<a href=\"https:\/\/asemtur.com.co\/index.php\/2025\/01\/09\/hola-mundo-3\/\" title=\"Pereira ajusta tarifas de transporte p\u00fablico\">Pereira ajusta tarifas de transporte p\u00fablico<\/a>\n\t\t\t<\/h3>                    <\/div>\n                \n                        <div class=\"bdt-desc\" data-reveal=\"reveal-active\" data-swiper-parallax=\"-150\" data-swiper-parallax-duration=\"1100\">\n            <p>Nuevos precios para Megab\u00fas, Megacable, buses y taxis A partir del pr\u00f3ximo 16 de enero, los usuarios del sistema de transporte p\u00fablico en Pereira, tendr\u00e1n que pagar un pasaje m\u00ednimo<\/p>\n        <\/div>\n        \n                                    <div class=\"bdt-meta\" data-reveal=\"reveal-active\" data-swiper-parallax=\"-300\" data-swiper-parallax-duration=\"800\">\n                                                <span class=\"bdt-separator\">\/\/<\/span>\n                                <div class=\"bdt-flex bdt-flex-middle\">\n            <div class=\"bdt-date\">\n                <i class=\"ps-wi-calendar\" aria-hidden=\"true\"><\/i>\n                <span>\n                    9 enero, 2025                <\/span>\n\n            <\/div>\n                    <\/div>\n\n                            <\/div>\n                \n            <\/div>\n        <\/div>\n                        <\/div>\n            <\/div>\n\n        <\/div>\n        <\/div>\n        \t\t\t\t<\/div>\n\t\t\t\t\t<\/div>\n\t\t\t\t<\/div>\n\t\t\t\t<\/div>\n\t\t","protected":false},"excerpt":{"rendered":"<p>Inicio Asemtur Agremiadas Contribuir Integra San Fernando Site S.A.S. Superbuses Amco Competitividad Representatividad Sostenibilidad Servicios Probidad 01 01 Follow Us [&hellip;]<\/p>\n","protected":false},"author":1,"featured_media":0,"parent":0,"menu_order":0,"comment_status":"closed","ping_status":"closed","template":"","meta":{"_uag_custom_page_level_css":"","site-sidebar-layout":"no-sidebar","site-content-layout":"","ast-site-content-layout":"full-width-container","site-content-style":"default","site-sidebar-style":"default","ast-global-header-display":"","ast-banner-title-visibility":"","ast-main-header-display":"","ast-hfb-above-header-display":"","ast-hfb-below-header-display":"","ast-hfb-mobile-header-display":"","site-post-title":"","ast-breadcrumbs-content":"","ast-featured-img":"disabled","footer-sml-layout":"","theme-transparent-header-meta":"","adv-header-id-meta":"","stick-header-meta":"","header-above-stick-meta":"","header-main-stick-meta":"","header-below-stick-meta":"","astra-migrate-meta-layouts":"default","ast-page-background-enabled":"default","ast-page-background-meta":{"desktop":{"background-color":"var(--ast-global-color-5)","background-image":"","background-repeat":"repeat","background-position":"center center","background-size":"auto","background-attachment":"scroll","background-type":"","background-media":"","overlay-type":"","overlay-color":"","overlay-opacity":"","overlay-gradient":""},"tablet":{"background-color":"","background-image":"","background-repeat":"repeat","background-position":"center center","background-size":"auto","background-attachment":"scroll","background-type":"","background-media":"","overlay-type":"","overlay-color":"","overlay-opacity":"","overlay-gradient":""},"mobile":{"background-color":"","background-image":"","background-repeat":"repeat","background-position":"center center","background-size":"auto","background-attachment":"scroll","background-type":"","background-media":"","overlay-type":"","overlay-color":"","overlay-opacity":"","overlay-gradient":""}},"ast-content-background-meta":{"desktop":{"background-color":"var(--ast-global-color-4)","background-image":"","background-repeat":"repeat","background-position":"center center","background-size":"auto","background-attachment":"scroll","background-type":"","background-media":"","overlay-type":"","overlay-color":"","overlay-opacity":"","overlay-gradient":""},"tablet":{"background-color":"var(--ast-global-color-4)","background-image":"","background-repeat":"repeat","background-position":"center center","background-size":"auto","background-attachment":"scroll","background-type":"","background-media":"","overlay-type":"","overlay-color":"","overlay-opacity":"","overlay-gradient":""},"mobile":{"background-color":"var(--ast-global-color-4)","background-image":"","background-repeat":"repeat","background-position":"center center","background-size":"auto","background-attachment":"scroll","background-type":"","background-media":"","overlay-type":"","overlay-color":"","overlay-opacity":"","overlay-gradient":""}},"footnotes":""},"class_list":["post-3329","page","type-page","status-publish","hentry"],"uagb_featured_image_src":{"full":false,"thumbnail":false,"medium":false,"medium_large":false,"large":false,"1536x1536":false,"2048x2048":false},"uagb_author_info":{"display_name":"admin_asemtur","author_link":"https:\/\/asemtur.com.co\/index.php\/author\/admin_asemtur\/"},"uagb_comment_info":0,"uagb_excerpt":"Inicio Asemtur Agremiadas Contribuir Integra San Fernando Site S.A.S. Superbuses Amco Competitividad Representatividad Sostenibilidad Servicios Probidad 01 01 Follow Us [&hellip;]","_links":{"self":[{"href":"https:\/\/asemtur.com.co\/index.php\/wp-json\/wp\/v2\/pages\/3329","targetHints":{"allow":["GET"]}}],"collection":[{"href":"https:\/\/asemtur.com.co\/index.php\/wp-json\/wp\/v2\/pages"}],"about":[{"href":"https:\/\/asemtur.com.co\/index.php\/wp-json\/wp\/v2\/types\/page"}],"author":[{"embeddable":true,"href":"https:\/\/asemtur.com.co\/index.php\/wp-json\/wp\/v2\/users\/1"}],"replies":[{"embeddable":true,"href":"https:\/\/asemtur.com.co\/index.php\/wp-json\/wp\/v2\/comments?post=3329"}],"version-history":[{"count":28,"href":"https:\/\/asemtur.com.co\/index.php\/wp-json\/wp\/v2\/pages\/3329\/revisions"}],"predecessor-version":[{"id":4710,"href":"https:\/\/asemtur.com.co\/index.php\/wp-json\/wp\/v2\/pages\/3329\/revisions\/4710"}],"wp:attachment":[{"href":"https:\/\/asemtur.com.co\/index.php\/wp-json\/wp\/v2\/media?parent=3329"}],"curies":[{"name":"wp","href":"https:\/\/api.w.org\/{rel}","templated":true}]}}